{"id":12,"date":"2018-07-05T16:31:41","date_gmt":"2018-07-05T16:31:41","guid":{"rendered":"http:\/\/kupferplattl.bayern\/?page_id=12"},"modified":"2018-11-05T12:43:56","modified_gmt":"2018-11-05T12:43:56","slug":"der-verein","status":"publish","type":"page","link":"http:\/\/kupferplattl.bayern\/?page_id=12","title":{"rendered":"Der Verein"},"content":{"rendered":"<p><span style=\"text-align: left; color: #006cad; text-transform: none; text-indent: 0px; letter-spacing: normal; font-family: Georgia,'Times New Roman',Times,serif; font-size: 18px; font-style: normal; font-variant: normal; font-weight: 100; text-decoration: none; word-spacing: 0px; float: none; display: inline !important; white-space: normal; orphans: 2; background-color: transparent; -webkit-text-stroke-width: 0px;\">Die Chronik der KUPFERPLATTLER<\/span><\/p>\n<p><span class=\"span_cont\">Die erste Plattl-Bahn: <\/span>Die erste Plattl-Bahn wurde 1994 hinterm Feuerwehrhaus auf dem Grundst\u00fcck vom Dorfwirt angelegt.<\/p>\n<p><span class=\"span_cont\">Die zweite Plattl-Bahn<\/span>: Bereits 1995 wurde von Johann Gr\u00fcbl das Grundst\u00fcck entlang der Glonn gepachtet. Ein ausrangierter Verkaufsstand am \u00f6stlichen Ende\u00a0 (heute: Anwesen Lima) diente als Allzweckraum. Die 36 Meter lange Plattl- und Eisstockbahn verlief entlang des Bachs.<\/p>\n<p><span class=\"span_cont\">Die dritte Plattl-Bahn<\/span>: Wegen des Verkaufs des \u00f6stlichen Teils des Grundst\u00fcckes im Jahr 1997 verlagerte sich der Plattlplatz etwas nach Westen. Bei dieser Gelegenheit wurde der Pachtvertrag verl\u00e4ngert. Die H\u00e4lfte des nun quadratischen Platzes dient seitdem als Spielplatz, wo im laufe der Zeit viele Spielger\u00e4te aufgestellt wurden.<br \/>\nAuf der anderen H\u00e4lfte entstand im Jahr 1999\u00a0 auf einem Holzpodium ein kleines Vereinsheim mit Verkaufstand, sowie eine neue Plattl- und Eisstockbahn. Jahre sp\u00e4ter kam ein Ausschankpavillon sowie ein selbstgebauter Klowagen dazu.<\/p>\n<p><span class=\"span_cont\">Zahlen und Fakten<\/span><\/p>\n<p><span class=\"span_cont\"><a href=\"file:\/\/\/C:\/Users\/kinkandreas\/AppData\/Local\/Temp\/fz3temp-2\/images\/SatzungPlattl95.pdf\">Satzung<\/a><\/span><\/p>\n<p><span class=\"span_cont\">Gr\u00fcndung<\/span>\u00a0\u00a0\u00a0\u00a0\u00a0\u00a0\u00a0\u00a0\u00a0\u00a0\u00a0\u00a0\u00a0\u00a0\u00a0 \u00a0\u00a0\u00a0 \u00a0\u00a0\u00a0 \u00a0 \u00a05.10.1994<br \/>\n<span class=\"span_cont\">Gr\u00fcndungsmitglieder<\/span>\u00a0\u00a0\u00a0\u00a0 15 Pers.<br \/>\n<span class=\"span_cont\">Erste Vorst\u00e4nde<\/span><\/p>\n<p>Presser Ernst (1994-2004)<br \/>\nKink Hans (2004-2012)<br \/>\nKurz Josef (2012-2016)<\/p>\n<p>Kink Andreas &#8211; seit 2016<\/p>\n","protected":false},"excerpt":{"rendered":"<p>Die Chronik der KUPFERPLATTLER Die erste Plattl-Bahn: Die erste Plattl-Bahn wurde 1994 hinterm Feuerwehrhaus auf dem Grundst\u00fcck vom Dorfwirt angelegt. Die zweite Plattl-Bahn: Bereits 1995 wurde von Johann Gr\u00fcbl das Grundst\u00fcck entlang der Glonn gepachtet. Ein ausrangierter Verkaufsstand am \u00f6stlichen Ende\u00a0 (heute: Anwesen Lima) diente als Allzweckraum. Die 36 Meter lange Plattl- und Eisstockbahn verlief &hellip; <\/p>\n<p class=\"link-more\"><a href=\"http:\/\/kupferplattl.bayern\/?page_id=12\" class=\"more-link\"><span class=\"screen-reader-text\">\u201eDer Verein\u201c<\/span> weiterlesen<\/a><\/p>\n","protected":false},"author":1,"featured_media":0,"parent":0,"menu_order":0,"comment_status":"open","ping_status":"closed","template":"","meta":{"footnotes":""},"_links":{"self":[{"href":"http:\/\/kupferplattl.bayern\/index.php?rest_route=\/wp\/v2\/pages\/12"}],"collection":[{"href":"http:\/\/kupferplattl.bayern\/index.php?rest_route=\/wp\/v2\/pages"}],"about":[{"href":"http:\/\/kupferplattl.bayern\/index.php?rest_route=\/wp\/v2\/types\/page"}],"author":[{"embeddable":true,"href":"http:\/\/kupferplattl.bayern\/index.php?rest_route=\/wp\/v2\/users\/1"}],"replies":[{"embeddable":true,"href":"http:\/\/kupferplattl.bayern\/index.php?rest_route=%2Fwp%2Fv2%2Fcomments&post=12"}],"version-history":[{"count":4,"href":"http:\/\/kupferplattl.bayern\/index.php?rest_route=\/wp\/v2\/pages\/12\/revisions"}],"predecessor-version":[{"id":69,"href":"http:\/\/kupferplattl.bayern\/index.php?rest_route=\/wp\/v2\/pages\/12\/revisions\/69"}],"wp:attachment":[{"href":"http:\/\/kupferplattl.bayern\/index.php?rest_route=%2Fwp%2Fv2%2Fmedia&parent=12"}],"curies":[{"name":"wp","href":"https:\/\/api.w.org\/{rel}","templated":true}]}}